{"id":4592,"date":"2025-01-02T09:20:53","date_gmt":"2025-01-02T08:20:53","guid":{"rendered":"https:\/\/laube.mobi\/?page_id=4592"},"modified":"2025-01-02T09:26:12","modified_gmt":"2025-01-02T08:26:12","slug":"itinerari-vinebre","status":"publish","type":"page","link":"https:\/\/laube.mobi\/es\/itinerari-vinebre\/","title":{"rendered":"L&#8217;Aubadera de Vinebre"},"content":{"rendered":"<p><div class=\"fusion-fullwidth fullwidth-box fusion-builder-row-1 fusion-flex-container has-pattern-background has-mask-background nonhundred-percent-fullwidth non-hundred-percent-height-scrolling fusion-no-small-visibility fusion-no-medium-visibility\" style=\"--awb-background-position:center top;--awb-border-radius-top-left:0px;--awb-border-radius-top-right:0px;--awb-border-radius-bottom-right:0px;--awb-border-radius-bottom-left:0px;--awb-padding-top:170px;--awb-padding-right:0px;--awb-padding-bottom:132px;--awb-padding-left:0px;--awb-padding-top-small:60px;--awb-background-image:linear-gradient(222deg, var(--awb-color6) 0%,var(--awb-color4) 75%);--awb-flex-wrap:wrap;\" ><div class=\"fusion-builder-row fusion-row fusion-flex-align-items-stretch fusion-flex-justify-content-center fusion-flex-content-wrap\" style=\"max-width:calc( 1220px + 0px );margin-left: calc(-0px \/ 2 );margin-right: calc(-0px \/ 2 );\"><div class=\"fusion-layout-column fusion_builder_column fusion-builder-column-0 fusion_builder_column_4_5 4_5 fusion-flex-column fusion-animated\" style=\"--awb-padding-bottom:34px;--awb-bg-size:cover;--awb-width-large:80%;--awb-margin-top-large:0px;--awb-spacing-right-large:0px;--awb-margin-bottom-large:0px;--awb-spacing-left-large:0px;--awb-width-medium:80%;--awb-order-medium:0;--awb-spacing-right-medium:0px;--awb-spacing-left-medium:0px;--awb-width-small:100%;--awb-order-small:0;--awb-spacing-right-small:0px;--awb-margin-bottom-small:70px;--awb-spacing-left-small:0px;\" data-animationtype=\"fadeInUp\" data-animationduration=\"1.3\" data-animationoffset=\"top-into-view\"><div class=\"fusion-column-wrapper fusion-column-has-shadow fusion-flex-justify-content-flex-start fusion-content-layout-column\"><div class=\"fusion-title title fusion-title-1 fusion-sep-none fusion-title-center fusion-title-rotating fusion-animate-once fusion-title-rollIn fusion-title-size-one\" style=\"--awb-text-color:var(--awb-color1);--awb-margin-top:0px;--awb-margin-top-small:10px;--awb-margin-right-small:0px;--awb-margin-bottom-small:10px;--awb-margin-left-small:0px;\"><h1 class=\"fusion-title-heading title-heading-center fusion-responsive-typography-calculated\" style=\"margin:0;text-transform:none;--fontSize:68;line-height:var(--awb-typography1-line-height);\"><span class=\"fusion-animated-text-prefix\"><\/span> <span class=\"fusion-animated-texts-wrapper\" style=\"color:var(--awb-color1);text-align: center;\" data-length=\"char\" data-mindisplaytime=\"2400\"><span class=\"fusion-animated-texts\"><span data-in-effect=\"rollIn\" class=\"fusion-animated-text\" data-in-sequence=\"true\" data-out-reverse=\"true\" data-out-effect=\"rollOut\">\"Les Veus del Riu\"<\/span><\/span><\/span> <span class=\"fusion-animated-text-postfix\"><\/span><\/h1><\/div><\/div><\/div><\/div><\/div><div class=\"fusion-fullwidth fullwidth-box fusion-builder-row-2 fusion-flex-container has-pattern-background has-mask-background nonhundred-percent-fullwidth non-hundred-percent-height-scrolling fusion-no-large-visibility\" style=\"--awb-background-position:center top;--awb-border-radius-top-left:0px;--awb-border-radius-top-right:0px;--awb-border-radius-bottom-right:0px;--awb-border-radius-bottom-left:0px;--awb-padding-top:170px;--awb-padding-right:0px;--awb-padding-bottom:132px;--awb-padding-left:0px;--awb-padding-top-medium:198px;--awb-padding-top-small:215px;--awb-padding-bottom-small:58px;--awb-background-image:linear-gradient(222deg, var(--awb-color6) 0%,var(--awb-color4) 75%);--awb-flex-wrap:wrap;\" ><div class=\"fusion-builder-row fusion-row fusion-flex-align-items-stretch fusion-flex-justify-content-center fusion-flex-content-wrap\" style=\"max-width:calc( 1220px + 0px );margin-left: calc(-0px \/ 2 );margin-right: calc(-0px \/ 2 );\"><div class=\"fusion-layout-column fusion_builder_column fusion-builder-column-1 fusion_builder_column_4_5 4_5 fusion-flex-column fusion-flex-align-self-stretch fusion-animated\" style=\"--awb-padding-bottom:34px;--awb-padding-bottom-small:22px;--awb-bg-size:cover;--awb-width-large:80%;--awb-margin-top-large:0px;--awb-spacing-right-large:0px;--awb-margin-bottom-large:0px;--awb-spacing-left-large:0px;--awb-width-medium:80%;--awb-order-medium:0;--awb-spacing-right-medium:0px;--awb-spacing-left-medium:0px;--awb-width-small:100%;--awb-order-small:0;--awb-spacing-right-small:0px;--awb-margin-bottom-small:70px;--awb-spacing-left-small:0px;\" data-animationtype=\"fadeInUp\" data-animationduration=\"1.3\" data-animationoffset=\"top-into-view\"><div class=\"fusion-column-wrapper fusion-column-has-shadow fusion-flex-justify-content-center fusion-content-layout-column\"><div class=\"fusion-title title fusion-title-2 fusion-sep-none fusion-title-center fusion-title-text fusion-title-size-one\" style=\"--awb-text-color:var(--awb-color1);--awb-margin-top:0px;--awb-margin-top-small:10px;--awb-margin-right-small:0px;--awb-margin-bottom-small:10px;--awb-margin-left-small:0px;--awb-font-size:48px;\"><h1 class=\"fusion-title-heading title-heading-center fusion-responsive-typography-calculated\" style=\"margin:0;text-transform:none;font-size:1em;--fontSize:48;line-height:var(--awb-typography1-line-height);\"><p style=\"text-align: center;\">L&#8217;Aubadera de Vinebre<\/p><\/h1><\/div><\/div><\/div><\/div><\/div><div class=\"fusion-fullwidth fullwidth-box fusion-builder-row-3 fusion-flex-container has-pattern-background has-mask-background nonhundred-percent-fullwidth non-hundred-percent-height-scrolling\" style=\"--awb-border-radius-top-left:0px;--awb-border-radius-top-right:0px;--awb-border-radius-bottom-right:0px;--awb-border-radius-bottom-left:0px;--awb-padding-bottom:32px;--awb-background-color:var(--awb-color1);--awb-flex-wrap:wrap;\" ><div class=\"fusion-builder-row fusion-row fusion-flex-align-items-flex-start fusion-flex-content-wrap\" style=\"max-width:1268.8px;margin-left: calc(-4% \/ 2 );margin-right: calc(-4% \/ 2 );\"><div class=\"fusion-layout-column fusion_builder_column fusion-builder-column-2 fusion_builder_column_1_1 1_1 fusion-flex-column fusion-animated\" style=\"--awb-bg-size:cover;--awb-width-large:100%;--awb-margin-top-large:-125px;--awb-spacing-right-large:1.92%;--awb-margin-bottom-large:0px;--awb-spacing-left-large:1.92%;--awb-width-medium:100%;--awb-order-medium:0;--awb-spacing-right-medium:1.92%;--awb-margin-bottom-medium:0;--awb-spacing-left-medium:1.92%;--awb-width-small:100%;--awb-order-small:1;--awb-spacing-right-small:1.92%;--awb-margin-bottom-small:0;--awb-spacing-left-small:1.92%;\" data-animationtype=\"fadeInUp\" data-animationduration=\"1.3\" data-animationoffset=\"top-into-view\"><div class=\"fusion-column-wrapper fusion-column-has-shadow fusion-flex-justify-content-flex-start fusion-content-layout-column\"><div class=\"fusion-image-element\" style=\"text-align:center;--awb-liftup-border-radius:10px;--awb-caption-title-font-family:var(--h2_typography-font-family);--awb-caption-title-font-weight:var(--h2_typography-font-weight);--awb-caption-title-font-style:var(--h2_typography-font-style);--awb-caption-title-size:var(--h2_typography-font-size);--awb-caption-title-transform:var(--h2_typography-text-transform);--awb-caption-title-line-height:var(--h2_typography-line-height);--awb-caption-title-letter-spacing:var(--h2_typography-letter-spacing);\"><div class=\"awb-image-frame awb-image-frame-1 imageframe-liftup imageframe-1\" style=\"max-width:710px;\"><span class=\"fusion-imageframe imageframe-none imageframe-1\" style=\"border:4px solid var(--awb-custom_color_1);border-radius:10px;\"><img decoding=\"async\" width=\"300\" height=\"300\" title=\"Logo fb\" src=\"https:\/\/laube.mobi\/wp-content\/uploads\/2024\/11\/Logo-fb.png\" data-orig-src=\"https:\/\/laube.mobi\/wp-content\/uploads\/2024\/11\/Logo-fb-300x300.png\" alt class=\"lazyload img-responsive wp-image-4547\" srcset=\"data:image\/svg+xml,%3Csvg%20xmlns%3D%27http%3A%2F%2Fwww.w3.org%2F2000%2Fsvg%27%20width%3D%271080%27%20height%3D%271080%27%20viewBox%3D%270%200%201080%201080%27%3E%3Crect%20width%3D%271080%27%20height%3D%271080%27%20fill-opacity%3D%220%22%2F%3E%3C%2Fsvg%3E\" data-srcset=\"https:\/\/laube.mobi\/wp-content\/uploads\/2024\/11\/Logo-fb-200x200.png 200w, https:\/\/laube.mobi\/wp-content\/uploads\/2024\/11\/Logo-fb-400x400.png 400w, https:\/\/laube.mobi\/wp-content\/uploads\/2024\/11\/Logo-fb-600x600.png 600w, https:\/\/laube.mobi\/wp-content\/uploads\/2024\/11\/Logo-fb-800x800.png 800w, https:\/\/laube.mobi\/wp-content\/uploads\/2024\/11\/Logo-fb.png 1080w\" data-sizes=\"auto\" data-orig-sizes=\"(max-width: 640px) 100vw, 300px\" \/><\/span><\/div><\/div><\/div><\/div><div class=\"fusion-layout-column fusion_builder_column fusion-builder-column-3 fusion_builder_column_1_1 1_1 fusion-flex-column fusion-animated\" style=\"--awb-bg-size:cover;--awb-width-large:100%;--awb-margin-top-large:-125px;--awb-spacing-right-large:1.92%;--awb-margin-bottom-large:0px;--awb-spacing-left-large:1.92%;--awb-width-medium:100%;--awb-order-medium:0;--awb-spacing-right-medium:1.92%;--awb-margin-bottom-medium:0;--awb-spacing-left-medium:1.92%;--awb-width-small:100%;--awb-order-small:1;--awb-spacing-right-small:1.92%;--awb-margin-bottom-small:0;--awb-spacing-left-small:1.92%;\" data-animationtype=\"fadeInUp\" data-animationduration=\"1.3\" data-animationoffset=\"top-into-view\"><div class=\"fusion-column-wrapper fusion-column-has-shadow fusion-flex-justify-content-flex-start fusion-content-layout-column\"><\/div><\/div><\/div><\/div><div id=\"VeusRiu\" class=\"fusion-container-anchor\"><div class=\"fusion-fullwidth fullwidth-box fusion-builder-row-4 fusion-flex-container has-pattern-background has-mask-background nonhundred-percent-fullwidth non-hundred-percent-height-scrolling fusion-no-small-visibility fusion-no-medium-visibility\" style=\"--awb-border-radius-top-left:0px;--awb-border-radius-top-right:0px;--awb-border-radius-bottom-right:0px;--awb-border-radius-bottom-left:0px;--awb-padding-top:29px;--awb-padding-right:48px;--awb-padding-bottom:20px;--awb-padding-left:48px;--awb-background-color:var(--awb-color1);--awb-flex-wrap:wrap;\" ><div class=\"awb-background-mask\" style=\"background-image:  url(data:image\/svg+xml;utf8,%3Csvg%20width%3D%221920%22%20height%3D%22954%22%20fill%3D%22none%22%20xmlns%3D%22http%3A%2F%2Fwww.w3.org%2F2000%2Fsvg%22%3E%3Cg%20clip-path%3D%22url%28%23prefix__clip0_58_68%29%22%20fill%3D%22rgba%2837%2C185%2C206%2C1%29%22%3E%3Ccircle%20cx%3D%221663.56%22%20cy%3D%22206.967%22%20r%3D%22349.995%22%20transform%3D%22rotate%28-45%201663.56%20206.967%29%22%2F%3E%3Cpath%20d%3D%22M1703.05%20674.96c-116.77%20154.952-336.57%20186.262-490.94%2069.933s-184.86-336.246-68.1-491.198l559.04%20421.265z%22%2F%3E%3Cpath%20d%3D%22M1280.32%20918.549c-124.14%2071.672-282.874%2029.138-354.546-95.001-71.672-124.14-29.139-282.876%2094.996-354.548l259.55%20449.549z%22%2F%3E%3C%2Fg%3E%3Cdefs%3E%3CclipPath%20id%3D%22prefix__clip0_58_68%22%3E%3Cpath%20fill%3D%22%23fff%22%20d%3D%22M0%200h1920v954H0z%22%2F%3E%3C%2FclipPath%3E%3C%2Fdefs%3E%3C%2Fsvg%3E);opacity: 0.14 ;transform: scale(-1, -1);mix-blend-mode:normal;\"><\/div><div class=\"fusion-builder-row fusion-row fusion-flex-align-items-flex-start fusion-flex-content-wrap\" style=\"max-width:1268.8px;margin-left: calc(-4% \/ 2 );margin-right: calc(-4% \/ 2 );\"><div class=\"fusion-layout-column fusion_builder_column fusion-builder-column-4 fusion_builder_column_1_1 1_1 fusion-flex-column\" style=\"--awb-padding-bottom:12px;--awb-bg-size:cover;--awb-width-large:100%;--awb-margin-top-large:0px;--awb-spacing-right-large:0%;--awb-margin-bottom-large:0px;--awb-spacing-left-large:0%;--awb-width-medium:100%;--awb-order-medium:0;--awb-spacing-right-medium:0%;--awb-spacing-left-medium:0%;--awb-width-small:100%;--awb-order-small:0;--awb-spacing-right-small:1.92%;--awb-spacing-left-small:1.92%;\"><div class=\"fusion-column-wrapper fusion-column-has-shadow fusion-flex-justify-content-flex-start fusion-content-layout-column\"><div class=\"fusion-title title fusion-title-3 fusion-sep-none fusion-title-center fusion-title-rotating fusion-animate-once fusion-title-rollIn fusion-title-size-two\" style=\"--awb-text-color:var(--awb-color8);--awb-margin-top-small:10px;--awb-margin-right-small:0px;--awb-margin-bottom-small:10px;--awb-margin-left-small:0px;--awb-font-size:40px;\"><h2 class=\"fusion-title-heading title-heading-center fusion-responsive-typography-calculated\" style=\"font-family:&quot;Nunito Sans&quot;;font-style:normal;font-weight:700;margin:0;font-size:1em;--fontSize:40;line-height:var(--awb-typography1-line-height);\"><span class=\"fusion-animated-text-prefix\">Proyecto \u00b7<\/span> <span class=\"fusion-animated-texts-wrapper\" style=\"color:var(--awb-custom_color_1);\" data-length=\"char\" data-mindisplaytime=\"2400\"><span class=\"fusion-animated-texts\"><span data-in-effect=\"rollIn\" class=\"fusion-animated-text\" data-in-sequence=\"true\" data-out-reverse=\"true\" data-out-effect=\"rollOut\">\"Les Veus del Riu\"<\/span><\/span><\/span> <span class=\"fusion-animated-text-postfix\"><\/span><\/h2><\/div><div class=\"fusion-text fusion-text-1\"><p>El itinerario de la Aubadera de Vinebre es un espacio natural de gran belleza a orillas del r\u00edo Ebro. Cuenta con un bosque de ribera bien conservado con una rica variedad de flora y fauna protegidas.<br \/>\nEl itinerario da acceso a la laguna de Asc\u00f3 y al n\u00facleo urbano de Vinebre.<\/p>\n<p>En este espacio \u00fanico se ha habilitado un itinerario sensorial adaptado que recorre la aubadera y permite descubrir la diversidad de \u00e1rboles, animales y elementos geol\u00f3gicos que caracterizan el paisaje de la zona, con especial \u00e9nfasis en especies representativas.<\/p>\n<p>A lo largo del paseo fluvial de Vinebre encontrar\u00e9is un frondoso bosque de ribera donde destacan los \u00e1lamos blancos (<em>Populus alba<\/em>), \u00e1lamos negros (<em>Populus nigra<\/em>) y olmos (<em>Ulmus minor<\/em>), que junto con los campos cultivados de vi\u00f1a, almendros, olivos y \u00e1rboles frutales crean un rico mosaico agroforestal que contribuye a la biodiversidad del espacio.<\/p>\n<p>Este espacio alberga una interesante poblaci\u00f3n de fauna, especialmente aves y mam\u00edferos:<\/p>\n<ul>\n<li><strong>Pico picapinos<\/strong> (<em>Dendrocopos major<\/em>) y <strong>pito real<\/strong> (<em>Picus viridis<\/em>): Su presencia indica un bosque saludable, ya que necesitan \u00e1rboles grandes y viejos para encontrar alimento y refugio.<\/li>\n<li><strong>Agateador europeo<\/strong> (<em>Certhia brachydactyla<\/em>): Este peque\u00f1o p\u00e1jaro tiene la costumbre de moverse en espiral por los troncos de los \u00e1rboles buscando peque\u00f1os invertebrados en la corteza.<\/li>\n<li><strong>Milano negro<\/strong> (<em>Milvus migrans<\/em>): Es un ave rapaz migratoria con un canto muy caracter\u00edstico. Hace los nidos en las arboledas cercanas al r\u00edo.<\/li>\n<li><strong>Herrerillo com\u00fan<\/strong> (<em>Cyanistes caeruleus<\/em>) y <strong>carbonero com\u00fan<\/strong> (<em>Parus major<\/em>): Son p\u00e1jaros insect\u00edvoros de colores vivos que ayudan activamente al control de plagas.<\/li>\n<li><strong>Nutria europea<\/strong> (<em>Lutra lutra<\/em>): Mam\u00edfero semiacu\u00e1tico que se alimenta principalmente de peces, anfibios y peque\u00f1os invertebrados; es un buen indicador de los ecosistemas acu\u00e1ticos y del bosque de ribera.<\/li>\n<li><strong>Murci\u00e9lago ribere\u00f1o<\/strong> (<em>Myotis daubentonii<\/em>) y <strong>murci\u00e9lago de herradura grande<\/strong> (<em>Rhinolophus ferrumequinum<\/em>): Especies de murci\u00e9lagos protegidos que desempe\u00f1an un papel muy importante en el control de insectos en los cultivos del entorno.<\/li>\n<\/ul>\n<p>El paseo por el itinerario de la Aubadera se puede complementar con la visita a diferentes elementos de inter\u00e9s tur\u00edstico y arquitect\u00f3nico singulares del municipio y t\u00e9rmino de Vinebre, como son:<br \/>\nCa Don Joan, las Teresianes, el Ayuntamiento, la casa natal de San Enric de Oss\u00f3, la ermita de San Miquel o el asentamiento \u00edbero.<\/p>\n<p>Im\u00e1genes:<\/p>\n<ul>\n<li><strong>Carbonero com\u00fan<\/strong> (<em>Parus major<\/em>)<\/li>\n<li><strong>Milano negro<\/strong> (<em>Milvus migrans<\/em>)<\/li>\n<li><strong>Pico picapinos<\/strong> (<em>Dendrocopos major<\/em>)<\/li>\n<li><strong>Murci\u00e9lago de herradura grande<\/strong> (<em>Rhinolophus ferrumequinum<\/em>)<\/li>\n<li><strong>\u00c1lamo blanco<\/strong> (<em>Populus alba<\/em>)<\/li>\n<li><strong>\u00c1lamo blanco<\/strong> (<em>Populus alba<\/em>)<\/li>\n<li><strong>Nutria europea<\/strong> (<em>Lutra lutra<\/em>)<\/li>\n<li><strong>Agateador europeo<\/strong> (<em>Certhia brachydactyla<\/em>)<\/li>\n<li><strong>Herrerillo com\u00fan<\/strong> (<em>Cyanistes caeruleus<\/em>)<\/li>\n<li><strong>Murci\u00e9lago ribere\u00f1o<\/strong> (<em>Myotis daubentonii<\/em>)<\/li>\n<li><strong>\u00c1lamo negro<\/strong> (<em>Populus nigra<\/em>)<\/li>\n<li><strong>Olmo<\/strong> (<em>Ulmus minor<\/em>)<\/li>\n<\/ul>\n<\/div><\/div><\/div><div class=\"fusion-layout-column fusion_builder_column fusion-builder-column-5 fusion_builder_column_1_1 1_1 fusion-flex-column fusion-flex-align-self-stretch\" style=\"--awb-bg-size:cover;--awb-width-large:100%;--awb-margin-top-large:0px;--awb-spacing-right-large:0%;--awb-margin-bottom-large:0px;--awb-spacing-left-large:0%;--awb-width-medium:100%;--awb-order-medium:0;--awb-spacing-right-medium:0%;--awb-spacing-left-medium:0%;--awb-width-small:100%;--awb-order-small:0;--awb-spacing-right-small:1.92%;--awb-spacing-left-small:1.92%;\"><div class=\"fusion-column-wrapper fusion-column-has-shadow fusion-flex-justify-content-center fusion-content-layout-column\"><\/div><\/div><div class=\"fusion-layout-column fusion_builder_column fusion-builder-column-6 fusion_builder_column_1_1 1_1 fusion-flex-column\" style=\"--awb-padding-right:20px;--awb-padding-left:20px;--awb-bg-size:cover;--awb-width-large:100%;--awb-margin-top-large:0px;--awb-spacing-right-large:0%;--awb-margin-bottom-large:0px;--awb-spacing-left-large:0%;--awb-width-medium:100%;--awb-order-medium:0;--awb-spacing-right-medium:0%;--awb-spacing-left-medium:0%;--awb-width-small:100%;--awb-order-small:0;--awb-spacing-right-small:1.92%;--awb-spacing-left-small:1.92%;\"><div class=\"fusion-column-wrapper fusion-column-has-shadow fusion-flex-justify-content-flex-start fusion-content-layout-column\"><\/div><\/div><\/div><\/div><\/div><div id=\"VeusRiu\" class=\"fusion-container-anchor\"><div class=\"fusion-fullwidth fullwidth-box fusion-builder-row-5 fusion-flex-container has-pattern-background has-mask-background hundred-percent-fullwidth non-hundred-percent-height-scrolling fusion-no-medium-visibility fusion-no-large-visibility\" style=\"--awb-border-radius-top-left:0px;--awb-border-radius-top-right:0px;--awb-border-radius-bottom-right:0px;--awb-border-radius-bottom-left:0px;--awb-padding-top:29px;--awb-padding-right:166px;--awb-padding-bottom:20px;--awb-padding-left:166px;--awb-padding-right-medium:30px;--awb-padding-left-medium:31px;--awb-padding-bottom-small:0px;--awb-background-color:var(--awb-color1);--awb-flex-wrap:wrap;\" ><div class=\"awb-background-mask\" style=\"background-image:  url(data:image\/svg+xml;utf8,%3Csvg%20width%3D%221920%22%20height%3D%22954%22%20fill%3D%22none%22%20xmlns%3D%22http%3A%2F%2Fwww.w3.org%2F2000%2Fsvg%22%3E%3Cg%20clip-path%3D%22url%28%23prefix__clip0_58_68%29%22%20fill%3D%22rgba%2837%2C185%2C206%2C1%29%22%3E%3Ccircle%20cx%3D%221663.56%22%20cy%3D%22206.967%22%20r%3D%22349.995%22%20transform%3D%22rotate%28-45%201663.56%20206.967%29%22%2F%3E%3Cpath%20d%3D%22M1703.05%20674.96c-116.77%20154.952-336.57%20186.262-490.94%2069.933s-184.86-336.246-68.1-491.198l559.04%20421.265z%22%2F%3E%3Cpath%20d%3D%22M1280.32%20918.549c-124.14%2071.672-282.874%2029.138-354.546-95.001-71.672-124.14-29.139-282.876%2094.996-354.548l259.55%20449.549z%22%2F%3E%3C%2Fg%3E%3Cdefs%3E%3CclipPath%20id%3D%22prefix__clip0_58_68%22%3E%3Cpath%20fill%3D%22%23fff%22%20d%3D%22M0%200h1920v954H0z%22%2F%3E%3C%2FclipPath%3E%3C%2Fdefs%3E%3C%2Fsvg%3E);opacity: 0.14 ;transform: scale(-1, -1);mix-blend-mode:normal;\"><\/div><div class=\"fusion-builder-row fusion-row fusion-flex-align-items-flex-start fusion-flex-content-wrap\" style=\"width:104% !important;max-width:104% !important;margin-left: calc(-4% \/ 2 );margin-right: calc(-4% \/ 2 );\"><div class=\"fusion-layout-column fusion_builder_column fusion-builder-column-7 fusion_builder_column_1_2 1_2 fusion-flex-column\" style=\"--awb-padding-right:48px;--awb-padding-bottom:12px;--awb-padding-left:48px;--awb-padding-bottom-medium:0px;--awb-padding-right-small:0px;--awb-padding-left-small:0px;--awb-bg-size:cover;--awb-width-large:50%;--awb-margin-top-large:0px;--awb-spacing-right-large:3.84%;--awb-margin-bottom-large:0px;--awb-spacing-left-large:3.84%;--awb-width-medium:100%;--awb-order-medium:0;--awb-spacing-right-medium:1.92%;--awb-spacing-left-medium:1.92%;--awb-width-small:100%;--awb-order-small:0;--awb-spacing-right-small:1.92%;--awb-spacing-left-small:1.92%;\"><div class=\"fusion-column-wrapper fusion-column-has-shadow fusion-flex-justify-content-flex-start fusion-content-layout-column\"><div class=\"fusion-title title fusion-title-4 fusion-sep-none fusion-title-center fusion-title-text fusion-title-size-two\" style=\"--awb-text-color:var(--awb-color8);--awb-margin-top-small:10px;--awb-margin-right-small:0px;--awb-margin-bottom-small:10px;--awb-margin-left-small:0px;--awb-font-size:40px;\"><h2 class=\"fusion-title-heading title-heading-center fusion-responsive-typography-calculated\" style=\"font-family:&quot;Nunito Sans&quot;;font-style:normal;font-weight:700;margin:0;font-size:1em;--fontSize:40;line-height:var(--awb-typography1-line-height);\">El itinerario de la Aubadera de Vinebre<\/h2><\/div><div class=\"fusion-text fusion-text-2\"><p>El itinerario de la Aubadera de Vinebre es un espacio natural de gran belleza a orillas del r\u00edo Ebro. Cuenta con un bosque de ribera bien conservado con una rica variedad de flora y fauna protegidas.<br \/>\nEl itinerario da acceso a la laguna de Asc\u00f3 y al n\u00facleo urbano de Vinebre.<\/p>\n<p>En este espacio \u00fanico se ha habilitado un itinerario sensorial adaptado que recorre la aubadera y permite descubrir la diversidad de \u00e1rboles, animales y elementos geol\u00f3gicos que caracterizan el paisaje de la zona, con especial \u00e9nfasis en especies representativas.<\/p>\n<p>A lo largo del paseo fluvial de Vinebre encontrar\u00e9is un frondoso bosque de ribera donde destacan los \u00e1lamos blancos (<em>Populus alba<\/em>), \u00e1lamos negros (<em>Populus nigra<\/em>) y olmos (<em>Ulmus minor<\/em>), que junto con los campos cultivados de vi\u00f1a, almendros, olivos y \u00e1rboles frutales crean un rico mosaico agroforestal que contribuye a la biodiversidad del espacio.<\/p>\n<p>Este espacio alberga una interesante poblaci\u00f3n de fauna, especialmente aves y mam\u00edferos:<\/p>\n<ul>\n<li><strong>Pico picapinos<\/strong> (<em>Dendrocopos major<\/em>) y <strong>pito real<\/strong> (<em>Picus viridis<\/em>): Su presencia indica un bosque saludable, ya que necesitan \u00e1rboles grandes y viejos para encontrar alimento y refugio.<\/li>\n<li><strong>Agateador europeo<\/strong> (<em>Certhia brachydactyla<\/em>): Este peque\u00f1o p\u00e1jaro tiene la costumbre de moverse en espiral por los troncos de los \u00e1rboles buscando peque\u00f1os invertebrados en la corteza.<\/li>\n<li><strong>Milano negro<\/strong> (<em>Milvus migrans<\/em>): Es un ave rapaz migratoria con un canto muy caracter\u00edstico. Hace los nidos en las arboledas cercanas al r\u00edo.<\/li>\n<li><strong>Herrerillo com\u00fan<\/strong> (<em>Cyanistes caeruleus<\/em>) y <strong>carbonero com\u00fan<\/strong> (<em>Parus major<\/em>): Son p\u00e1jaros insect\u00edvoros de colores vivos que ayudan activamente al control de plagas.<\/li>\n<li><strong>Nutria europea<\/strong> (<em>Lutra lutra<\/em>): Mam\u00edfero semiacu\u00e1tico que se alimenta principalmente de peces, anfibios y peque\u00f1os invertebrados; es un buen indicador de los ecosistemas acu\u00e1ticos y del bosque de ribera.<\/li>\n<li><strong>Murci\u00e9lago ribere\u00f1o<\/strong> (<em>Myotis daubentonii<\/em>) y <strong>murci\u00e9lago de herradura grande<\/strong> (<em>Rhinolophus ferrumequinum<\/em>): Especies de murci\u00e9lagos protegidos que desempe\u00f1an un papel muy importante en el control de insectos en los cultivos del entorno.<\/li>\n<\/ul>\n<p>El paseo por el itinerario de la Aubadera se puede complementar con la visita a diferentes elementos de inter\u00e9s tur\u00edstico y arquitect\u00f3nico singulares del municipio y t\u00e9rmino de Vinebre, como son:<br \/>\nCa Don Joan, las Teresianes, el Ayuntamiento, la casa natal de San Enric de Oss\u00f3, la ermita de San Miquel o el asentamiento \u00edbero.<\/p>\n<p>Im\u00e1genes:<\/p>\n<ul>\n<li><strong>Carbonero com\u00fan<\/strong> (<em>Parus major<\/em>)<\/li>\n<li><strong>Milano negro<\/strong> (<em>Milvus migrans<\/em>)<\/li>\n<li><strong>Pico picapinos<\/strong> (<em>Dendrocopos major<\/em>)<\/li>\n<li><strong>Murci\u00e9lago de herradura grande<\/strong> (<em>Rhinolophus ferrumequinum<\/em>)<\/li>\n<li><strong>\u00c1lamo blanco<\/strong> (<em>Populus alba<\/em>)<\/li>\n<li><strong>\u00c1lamo blanco<\/strong> (<em>Populus alba<\/em>)<\/li>\n<li><strong>Nutria europea<\/strong> (<em>Lutra lutra<\/em>)<\/li>\n<li><strong>Agateador europeo<\/strong> (<em>Certhia brachydactyla<\/em>)<\/li>\n<li><strong>Herrerillo com\u00fan<\/strong> (<em>Cyanistes caeruleus<\/em>)<\/li>\n<li><strong>Murci\u00e9lago ribere\u00f1o<\/strong> (<em>Myotis daubentonii<\/em>)<\/li>\n<li><strong>\u00c1lamo negro<\/strong> (<em>Populus nigra<\/em>)<\/li>\n<li><strong>Olmo<\/strong> (<em>Ulmus minor<\/em>)<\/li>\n<\/ul>\n<\/div><\/div><\/div><div class=\"fusion-layout-column fusion_builder_column fusion-builder-column-8 fusion_builder_column_1_2 1_2 fusion-flex-column\" style=\"--awb-padding-right:48px;--awb-padding-bottom:12px;--awb-padding-left:48px;--awb-padding-bottom-medium:0px;--awb-padding-right-small:0px;--awb-padding-left-small:0px;--awb-bg-size:cover;--awb-width-large:50%;--awb-margin-top-large:0px;--awb-spacing-right-large:3.84%;--awb-margin-bottom-large:0px;--awb-spacing-left-large:3.84%;--awb-width-medium:100%;--awb-order-medium:0;--awb-spacing-right-medium:1.92%;--awb-spacing-left-medium:1.92%;--awb-width-small:100%;--awb-order-small:0;--awb-spacing-right-small:1.92%;--awb-spacing-left-small:1.92%;\"><div class=\"fusion-column-wrapper fusion-column-has-shadow fusion-flex-justify-content-flex-start fusion-content-layout-column\"><div class=\"fusion-title title fusion-title-5 fusion-sep-none fusion-title-center fusion-title-text fusion-title-size-two\" style=\"--awb-text-color:var(--awb-color8);--awb-margin-top-small:10px;--awb-margin-right-small:0px;--awb-margin-bottom-small:10px;--awb-margin-left-small:0px;--awb-font-size:40px;\"><h2 class=\"fusion-title-heading title-heading-center fusion-responsive-typography-calculated\" style=\"font-family:&quot;Nunito Sans&quot;;font-style:normal;font-weight:700;margin:0;font-size:1em;--fontSize:40;line-height:var(--awb-typography1-line-height);\">L\u2019itin\u00e9raire Aubadera de Vinebre<\/h2><\/div><div class=\"fusion-text fusion-text-3\"><p>L\u2019itin\u00e9raire Aubadera de Vinebre est un espace naturel d&#8217;une grande beaut\u00e9 situ\u00e9 sur les rives du fleuve \u00c8bre. Le fleuve traverse une for\u00eat bien conserv\u00e9e qui abrite une faune et une flore prot\u00e9g\u00e9es d\u2019une grande richesse.<br \/>\nL\u2019itin\u00e9raire m\u00e8ne \u00e0 la lagune d\u2019Asc\u00f3 et \u00e0 la ville de Vinebre.<\/p>\n<p>Dans cet espace unique, un itin\u00e9raire sensoriel adapt\u00e9 a \u00e9t\u00e9 cr\u00e9\u00e9. Il traverse le parc de l\u2019Aubadera et permet de d\u00e9couvrir la diversit\u00e9 des arbres, des animaux et des \u00e9l\u00e9ments g\u00e9ologiques qui caract\u00e9risent le paysage de la r\u00e9gion, et plus particuli\u00e8rement les esp\u00e8ces repr\u00e9sentatives.<\/p>\n<p>En longeant le fleuve jusqu\u2019\u00e0 Vinebre, vous d\u00e9couvrirez une for\u00eat luxuriante compos\u00e9e de peupliers blancs (<em>Populus alba<\/em>), de peupliers noirs (<em>Populus nigra<\/em>) et d&#8217;ormes (<em>Ulmus minor<\/em>) qui, avec les champs cultiv\u00e9s de vignes, d\u2019amandiers, d\u2019oliviers et d&#8217;arbres fruitiers, forment une mosa\u00efque agroforesti\u00e8re riche qui contribue \u00e0 la biodiversit\u00e9 de la r\u00e9gion.<\/p>\n<p>Cette zone abrite une faune int\u00e9ressante, en particulier d\u2019oiseaux et de mammif\u00e8res\u00a0:<\/p>\n<ul>\n<li><strong>Pic \u00e9peiche<\/strong> (<em>Dendrocopos major<\/em>) et <strong>Pic vert<\/strong> (<em>Picus viridis<\/em>)\u00a0: Leur pr\u00e9sence est le signe d&#8217;une for\u00eat en bonne sant\u00e9, car ils ont besoin de grands et vieux arbres pour se nourrir et s&#8217;abriter.<\/li>\n<li><strong>Grimpereau des jardins<\/strong> (<em>Certhia brachydactyla<\/em>)\u00a0: Ce petit oiseau a l&#8217;habitude de tourner en spirale autour des troncs d&#8217;arbres \u00e0 la recherche de petits invert\u00e9br\u00e9s dans l\u2019\u00e9corce.<\/li>\n<li><strong>Milan noir<\/strong> (<em>Milvus migrans<\/em>)\u00a0: C\u2019est un rapace migrateur au chant tr\u00e8s caract\u00e9ristique. Il niche dans les bosquets pr\u00e8s de la rivi\u00e8re.<\/li>\n<li><strong>M\u00e9sange bleue <\/strong>(<em>Cyanistes caeruleus<\/em>) et <strong>m\u00e9sange charbonni\u00e8re<\/strong> (<em>Parus major<\/em>)\u00a0: Ce sont des oiseaux insectivores aux couleurs vives qui participent activement \u00e0 la lutte contre les nuisibles.<\/li>\n<li><strong>Loutre d\u2019Europe<\/strong> (<em>Lutra lutra<\/em>)\u00a0: Mammif\u00e8re semi-aquatique qui se nourrit principalement de poissons, d\u2019amphibiens et de petits invert\u00e9br\u00e9s\u00a0; c&#8217;est un bon indicateur des \u00e9cosyst\u00e8mes aquatiques et des for\u00eats riveraines.<\/li>\n<li><strong>Murin de Daubenton<\/strong> (<em>Myotis daubentonii<\/em>) y <strong>et Grand rhinolophe<\/strong> (<em>Rhinolophus ferrumequinum<\/em>): Esp\u00e8ces de chauves-souris prot\u00e9g\u00e9es qui jouent un r\u00f4le tr\u00e8s important dans le contr\u00f4le des insectes dans les cultures environnantes.<\/li>\n<\/ul>\n<p>La promenade le long de l\u2019itin\u00e9raire de l\u2019Aubadera peut \u00eatre compl\u00e9t\u00e9e par la visite de diff\u00e9rents \u00e9l\u00e9ments d\u2019int\u00e9r\u00eat touristique et architectural de la commune et de la r\u00e9gion de Vinebre, tels que\u00a0:<br \/>\nCa Don Joan, les Teresianes, la mairie, la maison natale de Henri de Osso y Cervello, l\u2019ermitage de San Miquel ou le village ib\u00e9rique.<\/p>\n<p>Images\u00a0:<\/p>\n<ul>\n<li><strong>M\u00e9sange charbonni\u00e8re<\/strong> (<em>Parus major<\/em>)<\/li>\n<li><strong>Milan noir<\/strong> (<em>Milvus migrans<\/em>)<\/li>\n<li><strong>Pic \u00e9peiche<\/strong> (<em>Dendrocopos major<\/em>)<\/li>\n<li><strong>Grand rhinolophe<\/strong> (<em>Rhinolophus ferrumequinum<\/em>)<\/li>\n<li><strong>Peuplier blanc<\/strong> (<em>Populus alba<\/em>)<\/li>\n<li><strong>Peuplier blanc<\/strong> (<em>Populus alba<\/em>)<\/li>\n<li><strong>Loutre d\u2019Europe<\/strong> (<em>Lutra lutra<\/em>)<\/li>\n<li><strong>Grimpereau europ\u00e9en<\/strong> (<em>Certhia brachydactyla<\/em>)<\/li>\n<li><strong>M\u00e9sange bleue<\/strong> (<em>Cyanistes caeruleus<\/em>)<\/li>\n<li><strong>Murin de Daubenton<\/strong> (<em>Myotis daubentonii<\/em>)<\/li>\n<li><strong>Peuplier noir<\/strong> (<em>Populus nigra<\/em>)<\/li>\n<li><strong>Orme<\/strong> (<em>Ulmus minor<\/em>)<\/li>\n<\/ul>\n<\/div><\/div><\/div><div class=\"fusion-layout-column fusion_builder_column fusion-builder-column-9 fusion_builder_column_1_2 1_2 fusion-flex-column\" style=\"--awb-padding-right:48px;--awb-padding-bottom:12px;--awb-padding-left:48px;--awb-padding-bottom-medium:0px;--awb-padding-right-small:0px;--awb-padding-left-small:0px;--awb-bg-size:cover;--awb-width-large:50%;--awb-margin-top-large:0px;--awb-spacing-right-large:3.84%;--awb-margin-bottom-large:0px;--awb-spacing-left-large:3.84%;--awb-width-medium:100%;--awb-order-medium:0;--awb-spacing-right-medium:1.92%;--awb-spacing-left-medium:1.92%;--awb-width-small:100%;--awb-order-small:0;--awb-spacing-right-small:1.92%;--awb-spacing-left-small:1.92%;\"><div class=\"fusion-column-wrapper fusion-column-has-shadow fusion-flex-justify-content-flex-start fusion-content-layout-column\"><div class=\"fusion-title title fusion-title-6 fusion-sep-none fusion-title-center fusion-title-text fusion-title-size-two\" style=\"--awb-text-color:var(--awb-color8);--awb-margin-top-small:10px;--awb-margin-right-small:0px;--awb-margin-bottom-small:10px;--awb-margin-left-small:0px;--awb-font-size:40px;\"><h2 class=\"fusion-title-heading title-heading-center fusion-responsive-typography-calculated\" style=\"font-family:&quot;Nunito Sans&quot;;font-style:normal;font-weight:700;margin:0;font-size:1em;--fontSize:40;line-height:var(--awb-typography1-line-height);\">The Aubadera de Vinebre trail<\/h2><\/div><div class=\"fusion-text fusion-text-4\"><p>The Aubadera de Vinebre trail is a stunning natural area located along the banks of the River Ebro. It features a well-preserved riparian forest with a rich variety of protected flora and fauna.<br \/>\nThe trail leads to the Asc\u00f3 lagoon and the town of Vinebre.<\/p>\n<p>In this unique area, a specially adapted sensory trail has been created, which runs through the Aubadera and allows visitors to explore the diverse trees, animals, and geological features that define the landscape, with a particular focus on representative species.<\/p>\n<p>Along the Vinebre riverside walk, you will find a lush riparian forest featuring white poplars (Populus alba), black poplars (Populus nigra), and elms (Ulmus minor) which, together with the cultivated fields of vineyards, almond trees, olive trees, and fruit trees, form a rich agroforestry mosaic that contributes to the biodiversity of the area.<\/p>\n<p>This area is home to an interesting population of wildlife, especially birds and mammals:<\/p>\n<ul>\n<li><strong>Great spotted woodpecker<\/strong> (Dendrocopos major) and <strong>European green woodpecker<\/strong> (Picus viridis): Their presence indicates a healthy forest, as they need large, old trees to find food and shelter.<\/li>\n<li><strong>Short-toed treecreeper<\/strong> (<em>Certhia brachydactyla<\/em>): This small bird has a habit of spiralling up the tree trunks in search of small invertebrates in the bark.<\/li>\n<li><strong>Black Kite<\/strong> (<em>Milvus migrans<\/em>): This is a migratory bird of prey with a very distinctive call. It nests in the wooded areas near the river.<\/li>\n<li><strong>Eurasian blue tit <\/strong>(<em>Cyanistes caeruleus<\/em>) and <strong>Great tit<\/strong> (<em>Parus major<\/em>): These are brightly coloured insectivorous birds that actively help with pest control.<\/li>\n<li><strong>Eurasian otter<\/strong> (<em>Lutra lutra<\/em>): A semi-aquatic mammal that primarily feeds on fish, amphibians, and small invertebrates; it is a good indicator of aquatic ecosystems and riparian forests.<\/li>\n<li><strong>Daubenton&#8217;s bat<\/strong> (<em>Myotis daubentonii<\/em>) and <strong>Greater horseshoe bat<\/strong> (<em>Rhinolophus ferrumequinum<\/em>): Protected bat species that play a crucial role in controlling insects in the surrounding crops.<\/li>\n<\/ul>\n<p>The walk along the Aubadera trail can be complemented by a visit to various unique tourist and architectural sites in the town and municipality of Vinebre, such as:<br \/>\nCa Don Joan, Las Teresianes, the Town Hall, the birthplace of Saint Enric de Oss\u00f3, the hermitage of San Miquel, and the Iberian settlement.<\/p>\n<p>Images:<\/p>\n<ul>\n<li><strong>Great Tit (<\/strong><em>Parus major<\/em>)<\/li>\n<li><strong>Black Kite<\/strong> (<em>Milvus migrans<\/em>)<\/li>\n<li><strong>Great spotted woodpecker<\/strong> <em>(Dendrocopos major)<\/em><\/li>\n<li><strong>Greater horseshoe bat<\/strong> (<em>Rhinolophus ferrumequinum<\/em>)<\/li>\n<li><strong>White poplar<\/strong> (<em>Populus alba<\/em>)<\/li>\n<li><strong>White poplar<\/strong> (<em>Populus alba<\/em>)<\/li>\n<li><strong>Eurasian otter<\/strong> (<em>Lutra lutra<\/em>)<\/li>\n<li><strong>Short-toed treecreeper<\/strong> (<em>Certhia brachydactyla<\/em>)<\/li>\n<li><strong>Blue Tit<\/strong> (<em>Cyanistes caeruleus<\/em>)<\/li>\n<li><strong>Daubenton&#8217;s bat<\/strong> (<em>Myotis daubentonii<\/em>)<\/li>\n<li><strong>Black poplar<\/strong> (<em>Populus nigra<\/em>)<\/li>\n<li><strong>Elm<\/strong> (<em>Ulmus minor<\/em>)<\/li>\n<\/ul>\n<\/div><\/div><\/div><div class=\"fusion-layout-column fusion_builder_column fusion-builder-column-10 fusion_builder_column_3_5 3_5 fusion-flex-column\" style=\"--awb-bg-size:cover;--awb-width-large:60%;--awb-margin-top-large:0px;--awb-spacing-right-large:0%;--awb-margin-bottom-large:0px;--awb-spacing-left-large:0%;--awb-width-medium:100%;--awb-order-medium:0;--awb-spacing-right-medium:0%;--awb-spacing-left-medium:0%;--awb-width-small:100%;--awb-order-small:2;--awb-spacing-right-small:1.92%;--awb-spacing-left-small:1.92%;\"><div class=\"fusion-column-wrapper fusion-column-has-shadow fusion-flex-justify-content-flex-start fusion-content-layout-column\"><\/div><\/div><div class=\"fusion-layout-column fusion_builder_column fusion-builder-column-11 fusion_builder_column_1_2 1_2 fusion-flex-column\" style=\"--awb-padding-right:24px;--awb-padding-left:24px;--awb-padding-right-small:0px;--awb-padding-left-small:0px;--awb-bg-size:cover;--awb-width-large:50%;--awb-margin-top-large:0px;--awb-spacing-right-large:3.84%;--awb-margin-bottom-large:0px;--awb-spacing-left-large:3.84%;--awb-width-medium:100%;--awb-order-medium:0;--awb-spacing-right-medium:1.92%;--awb-spacing-left-medium:1.92%;--awb-width-small:100%;--awb-order-small:1;--awb-spacing-right-small:1.92%;--awb-spacing-left-small:1.92%;\"><div class=\"fusion-column-wrapper fusion-column-has-shadow fusion-flex-justify-content-flex-start fusion-content-layout-column\"><\/div><\/div><\/div><\/div><\/div><\/p>","protected":false},"excerpt":{"rendered":"","protected":false},"author":3,"featured_media":0,"parent":0,"menu_order":0,"comment_status":"closed","ping_status":"closed","template":"100-width.php","meta":{"footnotes":""},"class_list":["post-4592","page","type-page","status-publish","hentry"],"yoast_head":"<!-- This site is optimized with the Yoast SEO plugin v27.4 - https:\/\/yoast.com\/product\/yoast-seo-wordpress\/ -->\n<title>L&#039;Aubadera de Vinebre - L&#039;Aube<\/title>\n<meta name=\"description\" content=\"El projecte \u201cLes veus del riu. Conservaci\u00f3 i gesti\u00f3 de la biodiversitat i participaci\u00f3 ciutadana en un tram del riu Siurana\u201d.\" \/>\n<meta name=\"robots\" content=\"index, follow, max-snippet:-1, max-image-preview:large, max-video-preview:-1\" \/>\n<link rel=\"canonical\" href=\"https:\/\/laube.mobi\/es\/itinerari-vinebre\/\" \/>\n<meta property=\"og:locale\" content=\"es_ES\" \/>\n<meta property=\"og:type\" content=\"article\" \/>\n<meta property=\"og:title\" content=\"L&#039;Aubadera de Vinebre - L&#039;Aube\" \/>\n<meta property=\"og:description\" content=\"El projecte \u201cLes veus del riu. Conservaci\u00f3 i gesti\u00f3 de la biodiversitat i participaci\u00f3 ciutadana en un tram del riu Siurana\u201d.\" \/>\n<meta property=\"og:url\" content=\"https:\/\/laube.mobi\/es\/itinerari-vinebre\/\" \/>\n<meta property=\"og:site_name\" content=\"L&#039;Aube\" \/>\n<meta property=\"article:modified_time\" content=\"2025-01-02T08:26:12+00:00\" \/>\n<meta name=\"twitter:card\" content=\"summary_large_image\" \/>\n<meta name=\"twitter:label1\" content=\"Tiempo de lectura\" \/>\n\t<meta name=\"twitter:data1\" content=\"10 minutos\" \/>\n<script type=\"application\/ld+json\" class=\"yoast-schema-graph\">{\"@context\":\"https:\\\/\\\/schema.org\",\"@graph\":[{\"@type\":\"WebPage\",\"@id\":\"https:\\\/\\\/laube.mobi\\\/itinerari-vinebre\\\/\",\"url\":\"https:\\\/\\\/laube.mobi\\\/itinerari-vinebre\\\/\",\"name\":\"L'Aubadera de Vinebre - L&#039;Aube\",\"isPartOf\":{\"@id\":\"https:\\\/\\\/laube.mobi\\\/#website\"},\"datePublished\":\"2025-01-02T08:20:53+00:00\",\"dateModified\":\"2025-01-02T08:26:12+00:00\",\"description\":\"El projecte \u201cLes veus del riu. Conservaci\u00f3 i gesti\u00f3 de la biodiversitat i participaci\u00f3 ciutadana en un tram del riu Siurana\u201d.\",\"breadcrumb\":{\"@id\":\"https:\\\/\\\/laube.mobi\\\/itinerari-vinebre\\\/#breadcrumb\"},\"inLanguage\":\"es\",\"potentialAction\":[{\"@type\":\"ReadAction\",\"target\":[\"https:\\\/\\\/laube.mobi\\\/itinerari-vinebre\\\/\"]}]},{\"@type\":\"BreadcrumbList\",\"@id\":\"https:\\\/\\\/laube.mobi\\\/itinerari-vinebre\\\/#breadcrumb\",\"itemListElement\":[{\"@type\":\"ListItem\",\"position\":1,\"name\":\"Inici\",\"item\":\"https:\\\/\\\/laube.mobi\\\/\"},{\"@type\":\"ListItem\",\"position\":2,\"name\":\"L&#8217;Aubadera de Vinebre\"}]},{\"@type\":\"WebSite\",\"@id\":\"https:\\\/\\\/laube.mobi\\\/#website\",\"url\":\"https:\\\/\\\/laube.mobi\\\/\",\"name\":\"L&#039;Aube\",\"description\":\"Entorn Natural, Salut i Societat\",\"potentialAction\":[{\"@type\":\"SearchAction\",\"target\":{\"@type\":\"EntryPoint\",\"urlTemplate\":\"https:\\\/\\\/laube.mobi\\\/?s={search_term_string}\"},\"query-input\":{\"@type\":\"PropertyValueSpecification\",\"valueRequired\":true,\"valueName\":\"search_term_string\"}}],\"inLanguage\":\"es\"}]}<\/script>\n<!-- \/ Yoast SEO plugin. -->","yoast_head_json":{"title":"L'Aubadera de Vinebre - L&#039;Aube","description":"El proyecto \"Les veus del riu\". Conservaci\u00f3n y gesti\u00f3n de la biodiversidad y participaci\u00f3n ciudadana en un tramo del r\u00edo Siurana.","robots":{"index":"index","follow":"follow","max-snippet":"max-snippet:-1","max-image-preview":"max-image-preview:large","max-video-preview":"max-video-preview:-1"},"canonical":"https:\/\/laube.mobi\/es\/itinerari-vinebre\/","og_locale":"es_ES","og_type":"article","og_title":"L'Aubadera de Vinebre - L&#039;Aube","og_description":"El projecte \u201cLes veus del riu. Conservaci\u00f3 i gesti\u00f3 de la biodiversitat i participaci\u00f3 ciutadana en un tram del riu Siurana\u201d.","og_url":"https:\/\/laube.mobi\/es\/itinerari-vinebre\/","og_site_name":"L&#039;Aube","article_modified_time":"2025-01-02T08:26:12+00:00","twitter_card":"summary_large_image","twitter_misc":{"Tiempo de lectura":"10 minutos"},"schema":{"@context":"https:\/\/schema.org","@graph":[{"@type":"WebPage","@id":"https:\/\/laube.mobi\/itinerari-vinebre\/","url":"https:\/\/laube.mobi\/itinerari-vinebre\/","name":"L'Aubadera de Vinebre - L&#039;Aube","isPartOf":{"@id":"https:\/\/laube.mobi\/#website"},"datePublished":"2025-01-02T08:20:53+00:00","dateModified":"2025-01-02T08:26:12+00:00","description":"El proyecto \"Les veus del riu\". Conservaci\u00f3n y gesti\u00f3n de la biodiversidad y participaci\u00f3n ciudadana en un tramo del r\u00edo Siurana.","breadcrumb":{"@id":"https:\/\/laube.mobi\/itinerari-vinebre\/#breadcrumb"},"inLanguage":"es","potentialAction":[{"@type":"ReadAction","target":["https:\/\/laube.mobi\/itinerari-vinebre\/"]}]},{"@type":"BreadcrumbList","@id":"https:\/\/laube.mobi\/itinerari-vinebre\/#breadcrumb","itemListElement":[{"@type":"ListItem","position":1,"name":"Inici","item":"https:\/\/laube.mobi\/"},{"@type":"ListItem","position":2,"name":"L&#8217;Aubadera de Vinebre"}]},{"@type":"WebSite","@id":"https:\/\/laube.mobi\/#website","url":"https:\/\/laube.mobi\/","name":"\"L'Aube\"","description":"Entorno Natural, Salud y Sociedad","potentialAction":[{"@type":"SearchAction","target":{"@type":"EntryPoint","urlTemplate":"https:\/\/laube.mobi\/?s={search_term_string}"},"query-input":{"@type":"PropertyValueSpecification","valueRequired":true,"valueName":"search_term_string"}}],"inLanguage":"es"}]}},"_links":{"self":[{"href":"https:\/\/laube.mobi\/es\/wp-json\/wp\/v2\/pages\/4592","targetHints":{"allow":["GET"]}}],"collection":[{"href":"https:\/\/laube.mobi\/es\/wp-json\/wp\/v2\/pages"}],"about":[{"href":"https:\/\/laube.mobi\/es\/wp-json\/wp\/v2\/types\/page"}],"author":[{"embeddable":true,"href":"https:\/\/laube.mobi\/es\/wp-json\/wp\/v2\/users\/3"}],"replies":[{"embeddable":true,"href":"https:\/\/laube.mobi\/es\/wp-json\/wp\/v2\/comments?post=4592"}],"version-history":[{"count":3,"href":"https:\/\/laube.mobi\/es\/wp-json\/wp\/v2\/pages\/4592\/revisions"}],"predecessor-version":[{"id":4596,"href":"https:\/\/laube.mobi\/es\/wp-json\/wp\/v2\/pages\/4592\/revisions\/4596"}],"wp:attachment":[{"href":"https:\/\/laube.mobi\/es\/wp-json\/wp\/v2\/media?parent=4592"}],"curies":[{"name":"wp","href":"https:\/\/api.w.org\/{rel}","templated":true}]}}